{"id":132900,"date":"2021-09-01T20:04:15","date_gmt":"2021-09-01T23:04:15","guid":{"rendered":"https:\/\/espacoecologico.com.br\/arquivo\/?page_id=132900"},"modified":"2021-09-09T15:17:28","modified_gmt":"2021-09-09T18:17:28","slug":"home","status":"publish","type":"page","link":"https:\/\/espacoecologico.com.br\/arquivo\/","title":{"rendered":""},"content":{"rendered":"\n<div class=\"wp-block-uagb-info-box uagb-infobox__outer-wrap uagb-block-903f2b5d\"><div class=\"uagb-infobox__content-wrap uagb-infobox uagb-infobox-has-icon uagb-infobox-icon-above-title uagb-infobox-image-valign-top uagb-infobox-enable-border-radius \"><div class=\"uagb-ifb-left-right-wrap\"><div class=\"uagb-ifb-content\"><div class=\"uagb-ifb-title-wrap\"><h2 class=\"uagb-ifb-title\">Arquivo de Mat\u00e9rias<\/h2><\/div><div class=\"uagb-ifb-separator-parent\"><div class=\"uagb-ifb-separator\"><\/div><\/div><div class=\"uagb-ifb-text-wrap\"><p class=\"uagb-ifb-desc\">Voc\u00ea est\u00e1 no Arquivo de mat\u00e9rias. Confira aqui as mat\u00e9rias j\u00e1 publicadas no site Espa\u00e7o Ecol\u00f3gico entre mar\u00e7o de 2014 a agosto de 2021.<\/p><\/div><\/div><\/div><\/div><\/div>\n\n\n\n<div style=\"height:67px\" aria-hidden=\"true\" class=\"wp-block-spacer\"><\/div>\n\n\n\n\t\t\t<div class=\"uagb-post-grid  uagb-post__image-position-top uagb-block-2792c3d0   \" data-total=\"3008\">\n\n\t\t\t\t<div class=\"uagb-post__items uagb-post__columns-2 is-grid uagb-post__columns-tablet-2 uagb-post__columns-mobile-1 uagb-post__equal-height\">\n\n\t\t\t\t\t\t\t\t<article >\n\t\t\t\t\t\t\t\t\t\t<div class=\"uagb-post__inner-wrap\">\n\t\t\t\t\t\t\t\t\t\t\t\t\t\t\t<div class='uagb-post__text'> \n\t\t\t\t<h4 class=\"uagb-post__title\">\n\t\t\t\t\t<a href=\"https:\/\/espacoecologico.com.br\/arquivo\/fumante-tem-resposta-imunologica-mais-baixa-ao-ser-vacinado-contra-a-covid-2\/\" target=\"_self\" rel=\"bookmark noopener noreferrer\">Fumante tem resposta imunol\u00f3gica mais baixa ao ser vacinado contra a Covid<\/a>\n\t\t\t\t<\/h4>\n\t\t\t<\/div>\n\t\t\t\t\t\t<div class='uagb-post__text'> \n\t\t\t<div class=\"uagb-post-grid-byline\">\n\t\t\t\t\t\t\t\t<time datetime=\"2021-08-29T15:53:13-03:00\" class=\"uagb-post__date\">\n\t\t\t\t\t<span class=\"dashicons-calendar dashicons\"><\/span>\n\t\t\t\t\t29 de agosto de 2021\t\t\t\t<\/time>\n\t\t\t\t\t\t<\/div>\n\t\t\t<\/div>\n\t\t\t\t\t\t\t\t<\/div>\n\t\t\t\t\t\t\t\t\t<\/article>\n\t\t\t\t\t\t\t\t<article >\n\t\t\t\t\t\t\t\t\t\t<div class=\"uagb-post__inner-wrap\">\n\t\t\t\t\t\t\t\t\t\t\t\t\t\t\t<div class='uagb-post__image'>\n\t\t\t\t<a href=\"https:\/\/espacoecologico.com.br\/arquivo\/sempre-existe-um-oasis\/\" target=\"_self\" rel=\"bookmark noopener noreferrer\"><img width=\"640\" height=\"437\" src=\"https:\/\/espacoecologico.com.br\/arquivo\/wp-content\/uploads\/2021\/09\/1-HOR-PRINCIPAL-2021-08-25T224442.046.jpg\" class=\"attachment-large size-large\" alt=\"\" loading=\"lazy\" srcset=\"https:\/\/espacoecologico.com.br\/arquivo\/wp-content\/uploads\/2021\/09\/1-HOR-PRINCIPAL-2021-08-25T224442.046.jpg 1000w, https:\/\/espacoecologico.com.br\/arquivo\/wp-content\/uploads\/2021\/09\/1-HOR-PRINCIPAL-2021-08-25T224442.046-300x205.jpg 300w, https:\/\/espacoecologico.com.br\/arquivo\/wp-content\/uploads\/2021\/09\/1-HOR-PRINCIPAL-2021-08-25T224442.046-768x525.jpg 768w\" sizes=\"(max-width: 640px) 100vw, 640px\" \/>\t\t\t\t<\/a>\n\t\t\t<\/div>\n\t\t\t\t\t\t<div class='uagb-post__text'> \n\t\t\t\t<h4 class=\"uagb-post__title\">\n\t\t\t\t\t<a href=\"https:\/\/espacoecologico.com.br\/arquivo\/sempre-existe-um-oasis\/\" target=\"_self\" rel=\"bookmark noopener noreferrer\">Sempre existe um o\u00e1sis<\/a>\n\t\t\t\t<\/h4>\n\t\t\t<\/div>\n\t\t\t\t\t\t<div class='uagb-post__text'> \n\t\t\t<div class=\"uagb-post-grid-byline\">\n\t\t\t\t\t\t\t\t<time datetime=\"2021-08-29T15:48:05-03:00\" class=\"uagb-post__date\">\n\t\t\t\t\t<span class=\"dashicons-calendar dashicons\"><\/span>\n\t\t\t\t\t29 de agosto de 2021\t\t\t\t<\/time>\n\t\t\t\t\t\t<\/div>\n\t\t\t<\/div>\n\t\t\t\t\t\t\t\t<\/div>\n\t\t\t\t\t\t\t\t\t<\/article>\n\t\t\t\t\t\t\t\t<article >\n\t\t\t\t\t\t\t\t\t\t<div class=\"uagb-post__inner-wrap\">\n\t\t\t\t\t\t\t\t\t\t\t\t\t\t\t<div class='uagb-post__image'>\n\t\t\t\t<a href=\"https:\/\/espacoecologico.com.br\/arquivo\/sem-agua-e-sem-energia-este-e-o-mundo-sem-florestas\/\" target=\"_self\" rel=\"bookmark noopener noreferrer\"><img width=\"640\" height=\"426\" src=\"https:\/\/espacoecologico.com.br\/arquivo\/wp-content\/uploads\/2021\/09\/fantasy-1701148_1280-1024x682.jpg\" class=\"attachment-large size-large\" alt=\"\" loading=\"lazy\" srcset=\"https:\/\/espacoecologico.com.br\/arquivo\/wp-content\/uploads\/2021\/09\/fantasy-1701148_1280-1024x682.jpg 1024w, https:\/\/espacoecologico.com.br\/arquivo\/wp-content\/uploads\/2021\/09\/fantasy-1701148_1280-300x200.jpg 300w, https:\/\/espacoecologico.com.br\/arquivo\/wp-content\/uploads\/2021\/09\/fantasy-1701148_1280-768x512.jpg 768w, https:\/\/espacoecologico.com.br\/arquivo\/wp-content\/uploads\/2021\/09\/fantasy-1701148_1280.jpg 1280w\" sizes=\"(max-width: 640px) 100vw, 640px\" \/>\t\t\t\t<\/a>\n\t\t\t<\/div>\n\t\t\t\t\t\t<div class='uagb-post__text'> \n\t\t\t\t<h4 class=\"uagb-post__title\">\n\t\t\t\t\t<a href=\"https:\/\/espacoecologico.com.br\/arquivo\/sem-agua-e-sem-energia-este-e-o-mundo-sem-florestas\/\" target=\"_self\" rel=\"bookmark noopener noreferrer\">Sem \u00e1gua e sem energia, este \u00e9 o mundo sem florestas<\/a>\n\t\t\t\t<\/h4>\n\t\t\t<\/div>\n\t\t\t\t\t\t<div class='uagb-post__text'> \n\t\t\t<div class=\"uagb-post-grid-byline\">\n\t\t\t\t\t\t\t\t<time datetime=\"2021-08-29T15:46:06-03:00\" class=\"uagb-post__date\">\n\t\t\t\t\t<span class=\"dashicons-calendar dashicons\"><\/span>\n\t\t\t\t\t29 de agosto de 2021\t\t\t\t<\/time>\n\t\t\t\t\t\t<\/div>\n\t\t\t<\/div>\n\t\t\t\t\t\t\t\t<\/div>\n\t\t\t\t\t\t\t\t\t<\/article>\n\t\t\t\t\t\t\t\t<article >\n\t\t\t\t\t\t\t\t\t\t<div class=\"uagb-post__inner-wrap\">\n\t\t\t\t\t\t\t\t\t\t\t\t\t\t\t<div class='uagb-post__image'>\n\t\t\t\t<a href=\"https:\/\/espacoecologico.com.br\/arquivo\/empresa-transforma-lixo-plastico-em-oculos-de-sol-cujas-vendas-serao-destinadas-a-ong-que-limpa-os-oceanos\/\" target=\"_self\" rel=\"bookmark noopener noreferrer\"><img width=\"640\" height=\"336\" src=\"https:\/\/espacoecologico.com.br\/arquivo\/wp-content\/uploads\/2021\/09\/oculos-capa-1068x561-1-1024x538.png\" class=\"attachment-large size-large\" alt=\"\" loading=\"lazy\" srcset=\"https:\/\/espacoecologico.com.br\/arquivo\/wp-content\/uploads\/2021\/09\/oculos-capa-1068x561-1-1024x538.png 1024w, https:\/\/espacoecologico.com.br\/arquivo\/wp-content\/uploads\/2021\/09\/oculos-capa-1068x561-1-300x158.png 300w, https:\/\/espacoecologico.com.br\/arquivo\/wp-content\/uploads\/2021\/09\/oculos-capa-1068x561-1-768x403.png 768w, https:\/\/espacoecologico.com.br\/arquivo\/wp-content\/uploads\/2021\/09\/oculos-capa-1068x561-1.png 1068w\" sizes=\"(max-width: 640px) 100vw, 640px\" \/>\t\t\t\t<\/a>\n\t\t\t<\/div>\n\t\t\t\t\t\t<div class='uagb-post__text'> \n\t\t\t\t<h4 class=\"uagb-post__title\">\n\t\t\t\t\t<a href=\"https:\/\/espacoecologico.com.br\/arquivo\/empresa-transforma-lixo-plastico-em-oculos-de-sol-cujas-vendas-serao-destinadas-a-ong-que-limpa-os-oceanos\/\" target=\"_self\" rel=\"bookmark noopener noreferrer\">Empresa transforma lixo pl\u00e1stico em \u00f3culos de sol cujas vendas ser\u00e3o destinadas a ONG que limpa os oceanos<\/a>\n\t\t\t\t<\/h4>\n\t\t\t<\/div>\n\t\t\t\t\t\t<div class='uagb-post__text'> \n\t\t\t<div class=\"uagb-post-grid-byline\">\n\t\t\t\t\t\t\t\t<time datetime=\"2021-08-29T15:43:53-03:00\" class=\"uagb-post__date\">\n\t\t\t\t\t<span class=\"dashicons-calendar dashicons\"><\/span>\n\t\t\t\t\t29 de agosto de 2021\t\t\t\t<\/time>\n\t\t\t\t\t\t<\/div>\n\t\t\t<\/div>\n\t\t\t\t\t\t\t\t<\/div>\n\t\t\t\t\t\t\t\t\t<\/article>\n\t\t\t\t\t\t\t\t<article >\n\t\t\t\t\t\t\t\t\t\t<div class=\"uagb-post__inner-wrap\">\n\t\t\t\t\t\t\t\t\t\t\t\t\t\t\t<div class='uagb-post__image'>\n\t\t\t\t<a href=\"https:\/\/espacoecologico.com.br\/arquivo\/unilever-lidera-movimento-contra-o-desperdicio-de-alimentos-no-brasil\/\" target=\"_self\" rel=\"bookmark noopener noreferrer\"><img width=\"640\" height=\"370\" src=\"https:\/\/espacoecologico.com.br\/arquivo\/wp-content\/uploads\/2021\/09\/1-unilever-desperdicio-de-alimento.jpeg\" class=\"attachment-large size-large\" alt=\"\" loading=\"lazy\" srcset=\"https:\/\/espacoecologico.com.br\/arquivo\/wp-content\/uploads\/2021\/09\/1-unilever-desperdicio-de-alimento.jpeg 800w, https:\/\/espacoecologico.com.br\/arquivo\/wp-content\/uploads\/2021\/09\/1-unilever-desperdicio-de-alimento-300x174.jpeg 300w, https:\/\/espacoecologico.com.br\/arquivo\/wp-content\/uploads\/2021\/09\/1-unilever-desperdicio-de-alimento-768x444.jpeg 768w\" sizes=\"(max-width: 640px) 100vw, 640px\" \/>\t\t\t\t<\/a>\n\t\t\t<\/div>\n\t\t\t\t\t\t<div class='uagb-post__text'> \n\t\t\t\t<h4 class=\"uagb-post__title\">\n\t\t\t\t\t<a href=\"https:\/\/espacoecologico.com.br\/arquivo\/unilever-lidera-movimento-contra-o-desperdicio-de-alimentos-no-brasil\/\" target=\"_self\" rel=\"bookmark noopener noreferrer\">Unilever lidera movimento contra o desperd\u00edcio de alimentos no Brasil<\/a>\n\t\t\t\t<\/h4>\n\t\t\t<\/div>\n\t\t\t\t\t\t<div class='uagb-post__text'> \n\t\t\t<div class=\"uagb-post-grid-byline\">\n\t\t\t\t\t\t\t\t<time datetime=\"2021-08-29T15:42:06-03:00\" class=\"uagb-post__date\">\n\t\t\t\t\t<span class=\"dashicons-calendar dashicons\"><\/span>\n\t\t\t\t\t29 de agosto de 2021\t\t\t\t<\/time>\n\t\t\t\t\t\t<\/div>\n\t\t\t<\/div>\n\t\t\t\t\t\t\t\t<\/div>\n\t\t\t\t\t\t\t\t\t<\/article>\n\t\t\t\t\t\t\t\t<article >\n\t\t\t\t\t\t\t\t\t\t<div class=\"uagb-post__inner-wrap\">\n\t\t\t\t\t\t\t\t\t\t\t\t\t\t\t<div class='uagb-post__image'>\n\t\t\t\t<a href=\"https:\/\/espacoecologico.com.br\/arquivo\/salmao-corre-risco-de-extincao-no-canada-como-os-turistas-podem-ajudar\/\" target=\"_self\" rel=\"bookmark noopener noreferrer\"><img width=\"640\" height=\"360\" src=\"https:\/\/espacoecologico.com.br\/arquivo\/wp-content\/uploads\/2021\/09\/nationalgeographic_2657692-1024x576.jpg\" class=\"attachment-large size-large\" alt=\"\" loading=\"lazy\" srcset=\"https:\/\/espacoecologico.com.br\/arquivo\/wp-content\/uploads\/2021\/09\/nationalgeographic_2657692-1024x576.jpg 1024w, https:\/\/espacoecologico.com.br\/arquivo\/wp-content\/uploads\/2021\/09\/nationalgeographic_2657692-300x169.jpg 300w, https:\/\/espacoecologico.com.br\/arquivo\/wp-content\/uploads\/2021\/09\/nationalgeographic_2657692-768x432.jpg 768w, https:\/\/espacoecologico.com.br\/arquivo\/wp-content\/uploads\/2021\/09\/nationalgeographic_2657692-1536x864.jpg 1536w, https:\/\/espacoecologico.com.br\/arquivo\/wp-content\/uploads\/2021\/09\/nationalgeographic_2657692-800x450.jpg 800w, https:\/\/espacoecologico.com.br\/arquivo\/wp-content\/uploads\/2021\/09\/nationalgeographic_2657692.jpg 1600w\" sizes=\"(max-width: 640px) 100vw, 640px\" \/>\t\t\t\t<\/a>\n\t\t\t<\/div>\n\t\t\t\t\t\t<div class='uagb-post__text'> \n\t\t\t\t<h4 class=\"uagb-post__title\">\n\t\t\t\t\t<a href=\"https:\/\/espacoecologico.com.br\/arquivo\/salmao-corre-risco-de-extincao-no-canada-como-os-turistas-podem-ajudar\/\" target=\"_self\" rel=\"bookmark noopener noreferrer\">Salm\u00e3o corre risco de extin\u00e7\u00e3o no Canad\u00e1. Como os turistas podem ajudar?<\/a>\n\t\t\t\t<\/h4>\n\t\t\t<\/div>\n\t\t\t\t\t\t<div class='uagb-post__text'> \n\t\t\t<div class=\"uagb-post-grid-byline\">\n\t\t\t\t\t\t\t\t<time datetime=\"2021-08-29T15:39:49-03:00\" class=\"uagb-post__date\">\n\t\t\t\t\t<span class=\"dashicons-calendar dashicons\"><\/span>\n\t\t\t\t\t29 de agosto de 2021\t\t\t\t<\/time>\n\t\t\t\t\t\t<\/div>\n\t\t\t<\/div>\n\t\t\t\t\t\t\t\t<\/div>\n\t\t\t\t\t\t\t\t\t<\/article>\n\t\t\t\t\t\t\t\t<article >\n\t\t\t\t\t\t\t\t\t\t<div class=\"uagb-post__inner-wrap\">\n\t\t\t\t\t\t\t\t\t\t\t\t\t\t\t<div class='uagb-post__image'>\n\t\t\t\t<a href=\"https:\/\/espacoecologico.com.br\/arquivo\/o-que-e-e-como-lidar-com-a-alergia-emocional\/\" target=\"_self\" rel=\"bookmark noopener noreferrer\"><img width=\"377\" height=\"234\" src=\"https:\/\/espacoecologico.com.br\/arquivo\/wp-content\/uploads\/2021\/09\/Capturar.png\" class=\"attachment-large size-large\" alt=\"\" loading=\"lazy\" srcset=\"https:\/\/espacoecologico.com.br\/arquivo\/wp-content\/uploads\/2021\/09\/Capturar.png 377w, https:\/\/espacoecologico.com.br\/arquivo\/wp-content\/uploads\/2021\/09\/Capturar-300x186.png 300w\" sizes=\"(max-width: 377px) 100vw, 377px\" \/>\t\t\t\t<\/a>\n\t\t\t<\/div>\n\t\t\t\t\t\t<div class='uagb-post__text'> \n\t\t\t\t<h4 class=\"uagb-post__title\">\n\t\t\t\t\t<a href=\"https:\/\/espacoecologico.com.br\/arquivo\/o-que-e-e-como-lidar-com-a-alergia-emocional\/\" target=\"_self\" rel=\"bookmark noopener noreferrer\">O que \u00e9 e como lidar com a alergia emocional<\/a>\n\t\t\t\t<\/h4>\n\t\t\t<\/div>\n\t\t\t\t\t\t<div class='uagb-post__text'> \n\t\t\t<div class=\"uagb-post-grid-byline\">\n\t\t\t\t\t\t\t\t<time datetime=\"2021-08-29T15:22:57-03:00\" class=\"uagb-post__date\">\n\t\t\t\t\t<span class=\"dashicons-calendar dashicons\"><\/span>\n\t\t\t\t\t29 de agosto de 2021\t\t\t\t<\/time>\n\t\t\t\t\t\t<\/div>\n\t\t\t<\/div>\n\t\t\t\t\t\t\t\t<\/div>\n\t\t\t\t\t\t\t\t\t<\/article>\n\t\t\t\t\t\t\t\t<article >\n\t\t\t\t\t\t\t\t\t\t<div class=\"uagb-post__inner-wrap\">\n\t\t\t\t\t\t\t\t\t\t\t\t\t\t\t<div class='uagb-post__image'>\n\t\t\t\t<a href=\"https:\/\/espacoecologico.com.br\/arquivo\/em-asilo-horta-vira-terapia-para-idosos-durante-pandemia\/\" target=\"_self\" rel=\"bookmark noopener noreferrer\"><img width=\"640\" height=\"357\" src=\"https:\/\/espacoecologico.com.br\/arquivo\/wp-content\/uploads\/2021\/09\/horta-asilo-696x388-1.jpg\" class=\"attachment-large size-large\" alt=\"\" loading=\"lazy\" srcset=\"https:\/\/espacoecologico.com.br\/arquivo\/wp-content\/uploads\/2021\/09\/horta-asilo-696x388-1.jpg 696w, https:\/\/espacoecologico.com.br\/arquivo\/wp-content\/uploads\/2021\/09\/horta-asilo-696x388-1-300x167.jpg 300w\" sizes=\"(max-width: 640px) 100vw, 640px\" \/>\t\t\t\t<\/a>\n\t\t\t<\/div>\n\t\t\t\t\t\t<div class='uagb-post__text'> \n\t\t\t\t<h4 class=\"uagb-post__title\">\n\t\t\t\t\t<a href=\"https:\/\/espacoecologico.com.br\/arquivo\/em-asilo-horta-vira-terapia-para-idosos-durante-pandemia\/\" target=\"_self\" rel=\"bookmark noopener noreferrer\">Em asilo, horta vira terapia para idosos durante pandemia<\/a>\n\t\t\t\t<\/h4>\n\t\t\t<\/div>\n\t\t\t\t\t\t<div class='uagb-post__text'> \n\t\t\t<div class=\"uagb-post-grid-byline\">\n\t\t\t\t\t\t\t\t<time datetime=\"2021-08-29T15:19:36-03:00\" class=\"uagb-post__date\">\n\t\t\t\t\t<span class=\"dashicons-calendar dashicons\"><\/span>\n\t\t\t\t\t29 de agosto de 2021\t\t\t\t<\/time>\n\t\t\t\t\t\t<\/div>\n\t\t\t<\/div>\n\t\t\t\t\t\t\t\t<\/div>\n\t\t\t\t\t\t\t\t\t<\/article>\n\t\t\t\t\t\t\t\t<article >\n\t\t\t\t\t\t\t\t\t\t<div class=\"uagb-post__inner-wrap\">\n\t\t\t\t\t\t\t\t\t\t\t\t\t\t\t<div class='uagb-post__image'>\n\t\t\t\t<a href=\"https:\/\/espacoecologico.com.br\/arquivo\/mar-morto-o-que-e-e-como-foi-formado\/\" target=\"_self\" rel=\"bookmark noopener noreferrer\"><img width=\"376\" height=\"232\" src=\"https:\/\/espacoecologico.com.br\/arquivo\/wp-content\/uploads\/2021\/09\/mar-morto.png\" class=\"attachment-large size-large\" alt=\"\" loading=\"lazy\" srcset=\"https:\/\/espacoecologico.com.br\/arquivo\/wp-content\/uploads\/2021\/09\/mar-morto.png 376w, https:\/\/espacoecologico.com.br\/arquivo\/wp-content\/uploads\/2021\/09\/mar-morto-300x185.png 300w\" sizes=\"(max-width: 376px) 100vw, 376px\" \/>\t\t\t\t<\/a>\n\t\t\t<\/div>\n\t\t\t\t\t\t<div class='uagb-post__text'> \n\t\t\t\t<h4 class=\"uagb-post__title\">\n\t\t\t\t\t<a href=\"https:\/\/espacoecologico.com.br\/arquivo\/mar-morto-o-que-e-e-como-foi-formado\/\" target=\"_self\" rel=\"bookmark noopener noreferrer\">Mar Morto: o que \u00e9 e como foi formado?<\/a>\n\t\t\t\t<\/h4>\n\t\t\t<\/div>\n\t\t\t\t\t\t<div class='uagb-post__text'> \n\t\t\t<div class=\"uagb-post-grid-byline\">\n\t\t\t\t\t\t\t\t<time datetime=\"2021-08-29T15:16:17-03:00\" class=\"uagb-post__date\">\n\t\t\t\t\t<span class=\"dashicons-calendar dashicons\"><\/span>\n\t\t\t\t\t29 de agosto de 2021\t\t\t\t<\/time>\n\t\t\t\t\t\t<\/div>\n\t\t\t<\/div>\n\t\t\t\t\t\t\t\t<\/div>\n\t\t\t\t\t\t\t\t\t<\/article>\n\t\t\t\t\t\t\t\t<article >\n\t\t\t\t\t\t\t\t\t\t<div class=\"uagb-post__inner-wrap\">\n\t\t\t\t\t\t\t\t\t\t\t\t\t\t\t<div class='uagb-post__image'>\n\t\t\t\t<a href=\"https:\/\/espacoecologico.com.br\/arquivo\/vinagre-confira-20-usos-surpreendentes\/\" target=\"_self\" rel=\"bookmark noopener noreferrer\"><img width=\"620\" height=\"413\" src=\"https:\/\/espacoecologico.com.br\/arquivo\/wp-content\/uploads\/2021\/09\/vinagre.png\" class=\"attachment-large size-large\" alt=\"\" loading=\"lazy\" srcset=\"https:\/\/espacoecologico.com.br\/arquivo\/wp-content\/uploads\/2021\/09\/vinagre.png 620w, https:\/\/espacoecologico.com.br\/arquivo\/wp-content\/uploads\/2021\/09\/vinagre-300x200.png 300w\" sizes=\"(max-width: 620px) 100vw, 620px\" \/>\t\t\t\t<\/a>\n\t\t\t<\/div>\n\t\t\t\t\t\t<div class='uagb-post__text'> \n\t\t\t\t<h4 class=\"uagb-post__title\">\n\t\t\t\t\t<a href=\"https:\/\/espacoecologico.com.br\/arquivo\/vinagre-confira-20-usos-surpreendentes\/\" target=\"_self\" rel=\"bookmark noopener noreferrer\">Vinagre: confira 20 usos surpreendentes<\/a>\n\t\t\t\t<\/h4>\n\t\t\t<\/div>\n\t\t\t\t\t\t<div class='uagb-post__text'> \n\t\t\t<div class=\"uagb-post-grid-byline\">\n\t\t\t\t\t\t\t\t<time datetime=\"2021-08-29T15:13:48-03:00\" class=\"uagb-post__date\">\n\t\t\t\t\t<span class=\"dashicons-calendar dashicons\"><\/span>\n\t\t\t\t\t29 de agosto de 2021\t\t\t\t<\/time>\n\t\t\t\t\t\t<\/div>\n\t\t\t<\/div>\n\t\t\t\t\t\t\t\t<\/div>\n\t\t\t\t\t\t\t\t\t<\/article>\n\t\t\t\t\t\t\t\t<article >\n\t\t\t\t\t\t\t\t\t\t<div class=\"uagb-post__inner-wrap\">\n\t\t\t\t\t\t\t\t\t\t\t\t\t\t\t<div class='uagb-post__image'>\n\t\t\t\t<a href=\"https:\/\/espacoecologico.com.br\/arquivo\/10-beneficios-do-mangostao-para-a-saude\/\" target=\"_self\" rel=\"bookmark noopener noreferrer\"><img width=\"640\" height=\"393\" src=\"https:\/\/espacoecologico.com.br\/arquivo\/wp-content\/uploads\/2021\/09\/mangostao.png\" class=\"attachment-large size-large\" alt=\"\" loading=\"lazy\" srcset=\"https:\/\/espacoecologico.com.br\/arquivo\/wp-content\/uploads\/2021\/09\/mangostao.png 753w, https:\/\/espacoecologico.com.br\/arquivo\/wp-content\/uploads\/2021\/09\/mangostao-300x184.png 300w\" sizes=\"(max-width: 640px) 100vw, 640px\" \/>\t\t\t\t<\/a>\n\t\t\t<\/div>\n\t\t\t\t\t\t<div class='uagb-post__text'> \n\t\t\t\t<h4 class=\"uagb-post__title\">\n\t\t\t\t\t<a href=\"https:\/\/espacoecologico.com.br\/arquivo\/10-beneficios-do-mangostao-para-a-saude\/\" target=\"_self\" rel=\"bookmark noopener noreferrer\">10 benef\u00edcios do mangost\u00e3o para a sa\u00fade<\/a>\n\t\t\t\t<\/h4>\n\t\t\t<\/div>\n\t\t\t\t\t\t<div class='uagb-post__text'> \n\t\t\t<div class=\"uagb-post-grid-byline\">\n\t\t\t\t\t\t\t\t<time datetime=\"2021-08-29T15:11:11-03:00\" class=\"uagb-post__date\">\n\t\t\t\t\t<span class=\"dashicons-calendar dashicons\"><\/span>\n\t\t\t\t\t29 de agosto de 2021\t\t\t\t<\/time>\n\t\t\t\t\t\t<\/div>\n\t\t\t<\/div>\n\t\t\t\t\t\t\t\t<\/div>\n\t\t\t\t\t\t\t\t\t<\/article>\n\t\t\t\t\t\t\t\t<article >\n\t\t\t\t\t\t\t\t\t\t<div class=\"uagb-post__inner-wrap\">\n\t\t\t\t\t\t\t\t\t\t\t\t\t\t\t<div class='uagb-post__image'>\n\t\t\t\t<a href=\"https:\/\/espacoecologico.com.br\/arquivo\/somos-responsaveis-por-mudancas-drasticas-no-clima-que-nao-tem-precedentes-diz-fisico-paulo-artaxo\/\" target=\"_self\" rel=\"bookmark noopener noreferrer\"><img width=\"640\" height=\"386\" src=\"https:\/\/espacoecologico.com.br\/arquivo\/wp-content\/uploads\/2021\/09\/cientistas-brasileiros-entre-os-melhores-05.jpg\" class=\"attachment-large size-large\" alt=\"\" loading=\"lazy\" srcset=\"https:\/\/espacoecologico.com.br\/arquivo\/wp-content\/uploads\/2021\/09\/cientistas-brasileiros-entre-os-melhores-05.jpg 924w, https:\/\/espacoecologico.com.br\/arquivo\/wp-content\/uploads\/2021\/09\/cientistas-brasileiros-entre-os-melhores-05-300x181.jpg 300w, https:\/\/espacoecologico.com.br\/arquivo\/wp-content\/uploads\/2021\/09\/cientistas-brasileiros-entre-os-melhores-05-768x464.jpg 768w\" sizes=\"(max-width: 640px) 100vw, 640px\" \/>\t\t\t\t<\/a>\n\t\t\t<\/div>\n\t\t\t\t\t\t<div class='uagb-post__text'> \n\t\t\t\t<h4 class=\"uagb-post__title\">\n\t\t\t\t\t<a href=\"https:\/\/espacoecologico.com.br\/arquivo\/somos-responsaveis-por-mudancas-drasticas-no-clima-que-nao-tem-precedentes-diz-fisico-paulo-artaxo\/\" target=\"_self\" rel=\"bookmark noopener noreferrer\">&#8220;Somos respons\u00e1veis por mudan\u00e7as dr\u00e1sticas no clima que n\u00e3o t\u00eam precedentes&#8221;, diz f\u00edsico Paulo Artaxo<\/a>\n\t\t\t\t<\/h4>\n\t\t\t<\/div>\n\t\t\t\t\t\t<div class='uagb-post__text'> \n\t\t\t<div class=\"uagb-post-grid-byline\">\n\t\t\t\t\t\t\t\t<time datetime=\"2021-08-29T15:08:45-03:00\" class=\"uagb-post__date\">\n\t\t\t\t\t<span class=\"dashicons-calendar dashicons\"><\/span>\n\t\t\t\t\t29 de agosto de 2021\t\t\t\t<\/time>\n\t\t\t\t\t\t<\/div>\n\t\t\t<\/div>\n\t\t\t\t\t\t\t\t<\/div>\n\t\t\t\t\t\t\t\t\t<\/article>\n\t\t\t\t\t\t\t\t<\/div>\n\t\t\t\t\t\t\t\t\t<div class=\"uagb-post-pagination-wrap\">\n\t\t\t\t\t\t<span class=\"page-numbers current\">1<\/span>\n<a class=\"page-numbers\" href=\"https:\/\/espacoecologico.com.br\/arquivo\/wp-json\/wp\/v2\/pages\/132900\/page\/2\/\">2<\/a>\n<a class=\"page-numbers\" href=\"https:\/\/espacoecologico.com.br\/arquivo\/wp-json\/wp\/v2\/pages\/132900\/page\/3\/\">3<\/a>\n<a class=\"page-numbers\" href=\"https:\/\/espacoecologico.com.br\/arquivo\/wp-json\/wp\/v2\/pages\/132900\/page\/4\/\">4<\/a>\n<a class=\"page-numbers\" href=\"https:\/\/espacoecologico.com.br\/arquivo\/wp-json\/wp\/v2\/pages\/132900\/page\/5\/\">5<\/a>\n<a class=\"page-numbers\" href=\"https:\/\/espacoecologico.com.br\/arquivo\/wp-json\/wp\/v2\/pages\/132900\/page\/6\/\">6<\/a>\n<a class=\"page-numbers\" href=\"https:\/\/espacoecologico.com.br\/arquivo\/wp-json\/wp\/v2\/pages\/132900\/page\/7\/\">7<\/a>\n<a class=\"page-numbers\" href=\"https:\/\/espacoecologico.com.br\/arquivo\/wp-json\/wp\/v2\/pages\/132900\/page\/8\/\">8<\/a>\n<a class=\"next page-numbers\" href=\"https:\/\/espacoecologico.com.br\/arquivo\/wp-json\/wp\/v2\/pages\/132900\/page\/2\/\">Pr\u00f3ximo \u00bb<\/a>\t\t\t\t\t<\/div>\n\t\t\t\t\t\t\t\t<\/div>\n\t\t\t","protected":false},"excerpt":{"rendered":"","protected":false},"author":1,"featured_media":0,"parent":0,"menu_order":0,"comment_status":"closed","ping_status":"closed","template":"","meta":[],"uagb_featured_image_src":{"full":false,"thumbnail":false,"medium":false,"medium_large":false,"large":false,"1536x1536":false,"2048x2048":false,"cream-magazine-thumbnail-2":false,"cream-magazine-thumbnail-3":false,"cream-magazine-thumbnail-4":false},"uagb_author_info":{"display_name":"sabrina","author_link":"https:\/\/espacoecologico.com.br\/arquivo\/author\/sabrina\/"},"uagb_comment_info":0,"uagb_excerpt":null,"_links":{"self":[{"href":"https:\/\/espacoecologico.com.br\/arquivo\/wp-json\/wp\/v2\/pages\/132900"}],"collection":[{"href":"https:\/\/espacoecologico.com.br\/arquivo\/wp-json\/wp\/v2\/pages"}],"about":[{"href":"https:\/\/espacoecologico.com.br\/arquivo\/wp-json\/wp\/v2\/types\/page"}],"author":[{"embeddable":true,"href":"https:\/\/espacoecologico.com.br\/arquivo\/wp-json\/wp\/v2\/users\/1"}],"replies":[{"embeddable":true,"href":"https:\/\/espacoecologico.com.br\/arquivo\/wp-json\/wp\/v2\/comments?post=132900"}],"version-history":[{"count":15,"href":"https:\/\/espacoecologico.com.br\/arquivo\/wp-json\/wp\/v2\/pages\/132900\/revisions"}],"predecessor-version":[{"id":154658,"href":"https:\/\/espacoecologico.com.br\/arquivo\/wp-json\/wp\/v2\/pages\/132900\/revisions\/154658"}],"wp:attachment":[{"href":"https:\/\/espacoecologico.com.br\/arquivo\/wp-json\/wp\/v2\/media?parent=132900"}],"curies":[{"name":"wp","href":"https:\/\/api.w.org\/{rel}","templated":true}]}}